{"id":7,"date":"2024-04-25T15:47:35","date_gmt":"2024-04-25T15:47:35","guid":{"rendered":"http:\/\/200.55.154.245\/?page_id=7"},"modified":"2026-04-13T17:47:46","modified_gmt":"2026-04-13T17:47:46","slug":"home","status":"publish","type":"page","link":"http:\/\/200.55.154.245\/","title":{"rendered":"Home"},"content":{"rendered":"\n<div class=\"wp-block-cover alignfull\" style=\"min-height:618px;aspect-ratio:unset;\"><img loading=\"lazy\" decoding=\"async\" width=\"1366\" height=\"768\" class=\"wp-block-cover__image-background wp-image-20\" alt=\"\" src=\"http:\/\/200.55.154.245\/wp-content\/uploads\/2024\/04\/hero.jpg\" data-object-fit=\"cover\" srcset=\"http:\/\/200.55.154.245\/wp-content\/uploads\/2024\/04\/hero.jpg 1366w, http:\/\/200.55.154.245\/wp-content\/uploads\/2024\/04\/hero-300x169.jpg 300w, http:\/\/200.55.154.245\/wp-content\/uploads\/2024\/04\/hero-1024x576.jpg 1024w, http:\/\/200.55.154.245\/wp-content\/uploads\/2024\/04\/hero-768x432.jpg 768w\" sizes=\"auto, (max-width: 1366px) 100vw, 1366px\" \/><span aria-hidden=\"true\" class=\"wp-block-cover__background has-background-dim-0 has-background-dim\"><\/span><div class=\"wp-block-cover__inner-container is-layout-flow wp-block-cover-is-layout-flow\">\n<div style=\"height:80px\" aria-hidden=\"true\" class=\"wp-block-spacer\"><\/div>\n\n\n\n<div style=\"height:80px\" aria-hidden=\"true\" class=\"wp-block-spacer\"><\/div>\n\n\n\n<div class=\"wp-block-cover alignwide\" style=\"min-height:50px;aspect-ratio:unset;\"><span aria-hidden=\"true\" class=\"wp-block-cover__background has-background-dim-30 has-background-dim\" style=\"background-color:#1e2041\"><\/span><div class=\"wp-block-cover__inner-container is-layout-flow wp-block-cover-is-layout-flow\">\n<h1 class=\"wp-block-heading has-text-align-center has-nv-text-dark-bg-color has-text-color\"><em>m\u00e1s que libros, saberes<\/em><\/h1>\n\n\n\n<p class=\"has-text-align-center has-nv-site-bg-color has-text-color has-medium-font-size\">Biblioteca virtual con las principales colecciones <br>avaladas por galardonados autores de universidades cubanas.<\/p>\n\n\n\n<div class=\"wp-block-buttons is-content-justification-center is-layout-flex wp-container-core-buttons-is-layout-16018d1d wp-block-buttons-is-layout-flex\">\n<div class=\"wp-block-button is-style-primary o-anim-offset-0%\"><a class=\"wp-block-button__link wp-element-button\" href=\"http:\/\/200.55.154.245\/catalogo.html\" style=\"border-top-left-radius:8px;border-top-right-radius:0px;border-bottom-left-radius:8px;border-bottom-right-radius:8px\" target=\"_blank\" rel=\"Visible desde Cuba noopener noreferrer noopener\"><strong>CAT\u00c1LOGO<\/strong><\/a><\/div>\n\n\n\n<div class=\"wp-block-button is-style-secondary\"><a class=\"wp-block-button__link has-neve-link-hover-color-color has-text-color has-background wp-element-button\" href=\"http:\/\/bibliografia.eduniv.cu\/\" style=\"border-top-left-radius:8px;border-top-right-radius:0px;border-bottom-left-radius:8px;border-bottom-right-radius:8px;background-color:#25204d52\" target=\"_blank\" rel=\"Biblioteca virtual EPFV noopener\"><strong>BIBLIOTECA<\/strong><\/a><\/div>\n<\/div>\n<\/div><\/div>\n\n\n\n<div style=\"height:80px\" aria-hidden=\"true\" class=\"wp-block-spacer\"><\/div>\n<\/div><\/div>\n\n\n\n<div style=\"height:80px\" aria-hidden=\"true\" class=\"wp-block-spacer\"><\/div>\n\n\n\n<div class=\"wp-block-columns is-layout-flex wp-container-core-columns-is-layout-9d6595d7 wp-block-columns-is-layout-flex\">\n<div class=\"wp-block-column is-layout-flow wp-block-column-is-layout-flow\"><div class=\"wp-block-image icon-style is-style-default\">\n<figure class=\"aligncenter size-full is-resized\"><img loading=\"lazy\" decoding=\"async\" width=\"119\" height=\"119\" src=\"http:\/\/200.55.154.245\/wp-content\/uploads\/2024\/04\/icon-02.png\" alt=\"\" class=\"wp-image-51\" style=\"width:48px\"\/><\/figure>\n<\/div>\n\n\n<h3 class=\"wp-block-heading has-text-align-center has-neve-text-color-color has-text-color\">Servicios Editoriales<\/h3>\n\n\n\n<p class=\"has-text-align-center\">Especialistas encargados de realizar todo el proceso, que culmina en una obra distinguida.<\/p>\n\n\n\n<div style=\"height:20px\" aria-hidden=\"true\" class=\"wp-block-spacer\"><\/div>\n<\/div>\n\n\n\n<div class=\"wp-block-column is-layout-flow wp-block-column-is-layout-flow\"><div class=\"wp-block-image icon-style is-style-default\">\n<figure class=\"aligncenter size-full is-resized\"><img loading=\"lazy\" decoding=\"async\" width=\"240\" height=\"240\" src=\"http:\/\/200.55.154.245\/wp-content\/uploads\/2024\/04\/iconmonstr-marketing-4-240.png\" alt=\"\" class=\"wp-image-27\" style=\"width:48px\" srcset=\"http:\/\/200.55.154.245\/wp-content\/uploads\/2024\/04\/iconmonstr-marketing-4-240.png 240w, http:\/\/200.55.154.245\/wp-content\/uploads\/2024\/04\/iconmonstr-marketing-4-240-150x150.png 150w\" sizes=\"auto, (max-width: 240px) 100vw, 240px\" \/><\/figure>\n<\/div>\n\n\n<h3 class=\"wp-block-heading has-text-align-center has-neve-text-color-color has-text-color\">Comercial<\/h3>\n\n\n\n<p class=\"has-text-align-center\">Distribuye y comercializa el cat\u00e1logo de obras de la editorial, en eventos, ferias y otros. <\/p>\n\n\n\n<div style=\"height:20px\" aria-hidden=\"true\" class=\"wp-block-spacer\"><\/div>\n<\/div>\n\n\n\n<div class=\"wp-block-column is-layout-flow wp-block-column-is-layout-flow\"><div class=\"wp-block-image icon-style is-style-default\">\n<figure class=\"aligncenter size-full is-resized\"><img loading=\"lazy\" decoding=\"async\" width=\"240\" height=\"240\" src=\"http:\/\/200.55.154.245\/wp-content\/uploads\/2024\/04\/iconmonstr-printer-5-240.png\" alt=\"\" class=\"wp-image-28\" style=\"width:48px\" srcset=\"http:\/\/200.55.154.245\/wp-content\/uploads\/2024\/04\/iconmonstr-printer-5-240.png 240w, http:\/\/200.55.154.245\/wp-content\/uploads\/2024\/04\/iconmonstr-printer-5-240-150x150.png 150w\" sizes=\"auto, (max-width: 240px) 100vw, 240px\" \/><\/figure>\n<\/div>\n\n\n<h3 class=\"wp-block-heading has-text-align-center has-neve-text-color-color has-text-color\">Servicios Poligr\u00e1fico<\/h3>\n\n\n\n<p class=\"has-text-align-center\">Garantizamos  calidad en reproducci\u00f3n de obras impresas,<br>cuadernos y otros.<\/p>\n\n\n\n<div style=\"height:20px\" aria-hidden=\"true\" class=\"wp-block-spacer\"><\/div>\n<\/div>\n<\/div>\n\n\n\n<div style=\"height:80px\" aria-hidden=\"true\" class=\"wp-block-spacer\"><\/div>\n\n\n\n<div class=\"wp-block-cover alignfull is-light\" style=\"min-height:600px;aspect-ratio:unset;\"><span aria-hidden=\"true\" class=\"wp-block-cover__background has-background-dim-40 has-background-dim\" style=\"background-color:#63f4c9\"><\/span><div class=\"wp-block-cover__inner-container is-layout-flow wp-block-cover-is-layout-flow\">\n<div class=\"wp-block-group\"><div class=\"wp-block-group__inner-container is-layout-flow wp-block-group-is-layout-flow\">\n<div style=\"height:80px\" aria-hidden=\"true\" class=\"wp-block-spacer\"><\/div>\n\n\n\n<div class=\"wp-block-columns are-vertically-aligned-center is-layout-flex wp-container-core-columns-is-layout-9d6595d7 wp-block-columns-is-layout-flex\">\n<div class=\"wp-block-column is-vertically-aligned-center is-layout-flow wp-block-column-is-layout-flow\" style=\"flex-basis:50%\">\n<figure class=\"wp-block-image size-full\"><img loading=\"lazy\" decoding=\"async\" width=\"600\" height=\"600\" src=\"http:\/\/200.55.154.245\/wp-content\/uploads\/2024\/04\/08.jpg\" alt=\"\" class=\"wp-image-17\" srcset=\"http:\/\/200.55.154.245\/wp-content\/uploads\/2024\/04\/08.jpg 600w, http:\/\/200.55.154.245\/wp-content\/uploads\/2024\/04\/08-300x300.jpg 300w, http:\/\/200.55.154.245\/wp-content\/uploads\/2024\/04\/08-150x150.jpg 150w\" sizes=\"auto, (max-width: 600px) 100vw, 600px\" \/><\/figure>\n<\/div>\n\n\n\n<div class=\"wp-block-column is-vertically-aligned-center is-layout-flow wp-block-column-is-layout-flow\" style=\"flex-basis:50%\">\n<div style=\"height:20px\" aria-hidden=\"true\" class=\"wp-block-spacer\"><\/div>\n\n\n\n<h2 class=\"wp-block-heading has-text-align-left has-neve-text-color-color has-text-color\">Dise\u00f1o editorial<\/h2>\n\n\n\n<p class=\"has-text-align-left has-neve-text-color-color has-text-color\" style=\"font-size:17px\">El servicio de dise\u00f1o editorial de la Empresa Editorial Poligr\u00e1fica F\u00e9lix Varela se especializa en la maquetaci\u00f3n y composici\u00f3n de todo tipo de publicaciones: libros en formato impreso y digital, revistas y otras&nbsp; impresiones.<\/p>\n\n\n\n<div class=\"wp-block-buttons is-content-justification-left is-layout-flex wp-container-core-buttons-is-layout-fdcfc74e wp-block-buttons-is-layout-flex\">\n<div class=\"wp-block-button is-style-primary\"><a class=\"wp-block-button__link wp-element-button\" href=\"http:\/\/200.55.154.245\/index.php\/servicios\/#diseno\" style=\"border-top-left-radius:8px;border-bottom-left-radius:8px;border-bottom-right-radius:8px\">Leer M\u00e1s<\/a><\/div>\n<\/div>\n<\/div>\n<\/div>\n\n\n\n<div style=\"height:40px\" aria-hidden=\"true\" class=\"wp-block-spacer\"><\/div>\n<\/div><\/div>\n<\/div><\/div>\n\n\n\n<div class=\"wp-block-cover alignfull\" style=\"min-height:600px;aspect-ratio:unset;\"><span aria-hidden=\"true\" class=\"wp-block-cover__background has-neve-link-hover-color-background-color has-background-dim-30 has-background-dim\"><\/span><div class=\"wp-block-cover__inner-container is-layout-flow wp-block-cover-is-layout-flow\">\n<div class=\"wp-block-group\"><div class=\"wp-block-group__inner-container is-layout-flow wp-block-group-is-layout-flow\">\n<div style=\"height:80px\" aria-hidden=\"true\" class=\"wp-block-spacer\"><\/div>\n\n\n\n<div class=\"wp-block-columns are-vertically-aligned-center is-layout-flex wp-container-core-columns-is-layout-9d6595d7 wp-block-columns-is-layout-flex\">\n<div class=\"wp-block-column is-vertically-aligned-center is-layout-flow wp-block-column-is-layout-flow\" style=\"flex-basis:50%\">\n<h2 class=\"wp-block-heading has-text-align-left has-neve-text-color-color has-text-color\">Edici\u00f3n y coedici\u00f3n<\/h2>\n\n\n\n<p class=\"has-text-align-left has-neve-text-color-color has-text-color\" style=\"font-size:17px\">En esta fase, nuestros especialistas revisan de manera exhaustiva el texto y los elementos gr\u00e1ficos que contiene, en aras de asegurar la calidad editorial. El proceso de edici\u00f3n no solo se aplica al texto, sino tambi\u00e9n a los diferentes componentes que lo acompa\u00f1an, como las im\u00e1genes, las infograf\u00edas, las tablas, entre otros.<\/p>\n\n\n\n<div class=\"wp-block-buttons is-content-justification-left is-layout-flex wp-container-core-buttons-is-layout-fdcfc74e wp-block-buttons-is-layout-flex\">\n<div class=\"wp-block-button is-style-primary\"><a class=\"wp-block-button__link wp-element-button\" href=\"http:\/\/200.55.154.245\/index.php\/servicios\/\/#edicion\" style=\"border-top-left-radius:8px;border-top-right-radius:0px;border-bottom-left-radius:8px;border-bottom-right-radius:8px\">Leer M\u00e1s<\/a><\/div>\n<\/div>\n\n\n\n<div style=\"height:40px\" aria-hidden=\"true\" class=\"wp-block-spacer\"><\/div>\n<\/div>\n\n\n\n<div class=\"wp-block-column is-vertically-aligned-center is-layout-flow wp-block-column-is-layout-flow\" style=\"flex-basis:50%\">\n<figure class=\"wp-block-image size-full\"><img loading=\"lazy\" decoding=\"async\" width=\"600\" height=\"600\" src=\"http:\/\/200.55.154.245\/wp-content\/uploads\/2024\/04\/06.jpg\" alt=\"\" class=\"wp-image-15\" srcset=\"http:\/\/200.55.154.245\/wp-content\/uploads\/2024\/04\/06.jpg 600w, http:\/\/200.55.154.245\/wp-content\/uploads\/2024\/04\/06-300x300.jpg 300w, http:\/\/200.55.154.245\/wp-content\/uploads\/2024\/04\/06-150x150.jpg 150w\" sizes=\"auto, (max-width: 600px) 100vw, 600px\" \/><\/figure>\n<\/div>\n<\/div>\n\n\n\n<div style=\"height:40px\" aria-hidden=\"true\" class=\"wp-block-spacer\"><\/div>\n<\/div><\/div>\n<\/div><\/div>\n\n\n\n<div class=\"wp-block-cover alignfull is-light\" style=\"min-height:600px;aspect-ratio:unset;\"><span aria-hidden=\"true\" class=\"wp-block-cover__background has-background-dim-30 has-background-dim\" style=\"background-color:#72b4d7\"><\/span><div class=\"wp-block-cover__inner-container is-layout-flow wp-block-cover-is-layout-flow\">\n<div class=\"wp-block-group\"><div class=\"wp-block-group__inner-container is-layout-flow wp-block-group-is-layout-flow\">\n<div style=\"height:80px\" aria-hidden=\"true\" class=\"wp-block-spacer\"><\/div>\n\n\n\n<div class=\"wp-block-columns are-vertically-aligned-center is-layout-flex wp-container-core-columns-is-layout-9d6595d7 wp-block-columns-is-layout-flex\">\n<div class=\"wp-block-column is-vertically-aligned-center is-layout-flow wp-block-column-is-layout-flow\" style=\"flex-basis:50%\">\n<h2 class=\"wp-block-heading has-text-align-left has-neve-text-color-color has-text-color\">Comercial<\/h2>\n\n\n\n<p class=\"has-text-align-left has-neve-text-color-color has-text-color\" style=\"font-size:17px\">La Empresa EPFV se encarga no solo de la producci\u00f3n editorial y sus diversas fases, luego del acabado del producto final, lo distribuye y comercializa.<\/p>\n\n\n\n<div class=\"wp-block-buttons is-content-justification-left is-layout-flex wp-container-core-buttons-is-layout-fdcfc74e wp-block-buttons-is-layout-flex\">\n<div class=\"wp-block-button is-style-primary\"><a class=\"wp-block-button__link wp-element-button\" href=\"http:\/\/200.55.154.245\/index.php\/servicios\/#comercializacion\" style=\"border-top-left-radius:8px;border-top-right-radius:0px;border-bottom-left-radius:8px;border-bottom-right-radius:8px\">Leer M\u00e1s<\/a><\/div>\n<\/div>\n\n\n\n<div style=\"height:40px\" aria-hidden=\"true\" class=\"wp-block-spacer\"><\/div>\n<\/div>\n\n\n\n<div class=\"wp-block-column is-vertically-aligned-center is-layout-flow wp-block-column-is-layout-flow\" style=\"flex-basis:50%\">\n<figure class=\"wp-block-image size-full\"><img loading=\"lazy\" decoding=\"async\" width=\"600\" height=\"600\" src=\"http:\/\/200.55.154.245\/wp-content\/uploads\/2024\/04\/07.jpg\" alt=\"\" class=\"wp-image-16\" srcset=\"http:\/\/200.55.154.245\/wp-content\/uploads\/2024\/04\/07.jpg 600w, http:\/\/200.55.154.245\/wp-content\/uploads\/2024\/04\/07-300x300.jpg 300w, http:\/\/200.55.154.245\/wp-content\/uploads\/2024\/04\/07-150x150.jpg 150w\" sizes=\"auto, (max-width: 600px) 100vw, 600px\" \/><\/figure>\n<\/div>\n<\/div>\n\n\n\n<div style=\"height:40px\" aria-hidden=\"true\" class=\"wp-block-spacer\"><\/div>\n<\/div><\/div>\n<\/div><\/div>\n\n\n\n<div class=\"wp-block-cover alignfull\" style=\"min-height:600px;aspect-ratio:unset;\"><span aria-hidden=\"true\" class=\"wp-block-cover__background has-background-dim-100 has-background-dim\" style=\"background-color:#0f4295\"><\/span><div class=\"wp-block-cover__inner-container is-layout-flow wp-block-cover-is-layout-flow\">\n<div class=\"wp-block-group\"><div class=\"wp-block-group__inner-container is-layout-flow wp-block-group-is-layout-flow\">\n<div style=\"height:80px\" aria-hidden=\"true\" class=\"wp-block-spacer\"><\/div>\n\n\n\n<div class=\"wp-block-columns are-vertically-aligned-center is-layout-flex wp-container-core-columns-is-layout-9d6595d7 wp-block-columns-is-layout-flex\">\n<div class=\"wp-block-column is-vertically-aligned-center is-layout-flow wp-block-column-is-layout-flow\" style=\"flex-basis:50%\">\n<figure class=\"wp-block-image size-full\"><img loading=\"lazy\" decoding=\"async\" width=\"600\" height=\"600\" src=\"http:\/\/200.55.154.245\/wp-content\/uploads\/2024\/04\/05.jpg\" alt=\"\" class=\"wp-image-14\" srcset=\"http:\/\/200.55.154.245\/wp-content\/uploads\/2024\/04\/05.jpg 600w, http:\/\/200.55.154.245\/wp-content\/uploads\/2024\/04\/05-300x300.jpg 300w, http:\/\/200.55.154.245\/wp-content\/uploads\/2024\/04\/05-150x150.jpg 150w\" sizes=\"auto, (max-width: 600px) 100vw, 600px\" \/><\/figure>\n<\/div>\n\n\n\n<div class=\"wp-block-column is-vertically-aligned-center is-layout-flow wp-block-column-is-layout-flow\" style=\"flex-basis:50%\">\n<div style=\"height:40px\" aria-hidden=\"true\" class=\"wp-block-spacer\"><\/div>\n\n\n\n<h2 class=\"wp-block-heading has-text-align-left has-nv-text-dark-bg-color has-text-color\">Servicios poligr\u00e1ficos<\/h2>\n\n\n\n<p class=\"has-text-align-left has-nv-text-dark-bg-color has-text-color\" style=\"font-size:17px\">Una vez finalizada la preimpresi\u00f3n, se transmite la informaci\u00f3n al soporte gr\u00e1fico deseado que va a materializar la obra. La impresi\u00f3n forma parte del proceso de la producci\u00f3n de textos e im\u00e1genes.<\/p>\n\n\n\n<div class=\"wp-block-buttons is-content-justification-left is-layout-flex wp-container-core-buttons-is-layout-fdcfc74e wp-block-buttons-is-layout-flex\">\n<div class=\"wp-block-button is-style-primary\"><a class=\"wp-block-button__link wp-element-button\" href=\"http:\/\/200.55.154.245\/index.php\/servicios\/#impresion\" style=\"border-top-left-radius:8px;border-top-right-radius:0px;border-bottom-left-radius:8px;border-bottom-right-radius:8px\">Leer M\u00e1s<\/a><\/div>\n<\/div>\n<\/div>\n<\/div>\n\n\n\n<div style=\"height:40px\" aria-hidden=\"true\" class=\"wp-block-spacer\"><\/div>\n<\/div><\/div>\n<\/div><\/div>\n\n\n\n<div class=\"wp-block-cover alignfull\" style=\"min-height:420px;aspect-ratio:unset;\"><span aria-hidden=\"true\" class=\"wp-block-cover__background has-nv-c-2-background-color has-background-dim-100 has-background-dim\"><\/span><div class=\"wp-block-cover__inner-container is-layout-flow wp-block-cover-is-layout-flow\">\n<div style=\"height:80px\" aria-hidden=\"true\" class=\"wp-block-spacer\"><\/div>\n\n\n\n<h2 class=\"wp-block-heading has-text-align-center has-nv-site-bg-color has-text-color\"> Productos de Comunicaci\u00f3n Visual<\/h2>\n\n\n\n<div class=\"wp-block-columns is-layout-flex wp-container-core-columns-is-layout-9d6595d7 wp-block-columns-is-layout-flex\">\n<div class=\"wp-block-column is-layout-flow wp-block-column-is-layout-flow\"><div class=\"wp-block-image is-style-rounded is-border-color: darkblue is-border-style: solid is-border-width: 1px\">\n<figure class=\"aligncenter size-full is-resized\"><img loading=\"lazy\" decoding=\"async\" width=\"100\" height=\"100\" src=\"http:\/\/200.55.154.245\/wp-content\/uploads\/2024\/04\/tarjetas-min.jpg\" alt=\"\" class=\"wp-image-77\" style=\"width:100px;height:100px\"\/><\/figure>\n<\/div>\n\n\n<div style=\"height:20px\" aria-hidden=\"true\" class=\"wp-block-spacer\"><\/div>\n\n\n\n<p class=\"has-text-align-center has-neve-text-color-color has-text-color has-normal-font-size\">Importante para dejar sus datos de localizaci\u00f3n, todav\u00eda hoy es <br>una alternativa rentable.<\/p>\n\n\n\n<p class=\"has-text-align-center has-neve-text-color-color has-text-color\"><strong><mark style=\"background-color:rgba(0, 0, 0, 0)\" class=\"has-inline-color has-nv-site-bg-color\"><a href=\"http:\/\/200.55.154.245\/index.php\/diseno\/\">TARJETAS DE VISITAS<\/a><\/mark><\/strong><\/p>\n\n\n\n<div style=\"height:20px\" aria-hidden=\"true\" class=\"wp-block-spacer\"><\/div>\n<\/div>\n\n\n\n<div class=\"wp-block-column is-layout-flow wp-block-column-is-layout-flow\"><div class=\"wp-block-image is-style-rounded\">\n<figure class=\"aligncenter size-full is-resized\"><img loading=\"lazy\" decoding=\"async\" width=\"100\" height=\"100\" src=\"http:\/\/200.55.154.245\/wp-content\/uploads\/2024\/04\/plegables-min.jpg\" alt=\"\" class=\"wp-image-78\" style=\"width:100px;height:100px\"\/><\/figure>\n<\/div>\n\n\n<div style=\"height:20px\" aria-hidden=\"true\" class=\"wp-block-spacer\"><\/div>\n\n\n\n<p class=\"has-text-align-center has-neve-text-color-color has-text-color has-normal-font-size\">Sueltos, D\u00edpticos, Tr\u00edpticos <br>y toda una gama de soportes <br>impresos promocionales.<\/p>\n\n\n\n<p class=\"has-text-align-center has-neve-text-color-color has-text-color\"><strong><mark style=\"background-color:rgba(0, 0, 0, 0)\" class=\"has-inline-color has-nv-site-bg-color\"><a href=\"http:\/\/200.55.154.245\/index.php\/diseno\/\">PROMOCIONALES IMPRESOS<\/a><\/mark><\/strong><\/p>\n\n\n\n<div style=\"height:20px\" aria-hidden=\"true\" class=\"wp-block-spacer\"><\/div>\n<\/div>\n\n\n\n<div class=\"wp-block-column is-layout-flow wp-block-column-is-layout-flow\"><div class=\"wp-block-image is-style-rounded\">\n<figure class=\"aligncenter size-full is-resized\"><img loading=\"lazy\" decoding=\"async\" width=\"100\" height=\"100\" src=\"http:\/\/200.55.154.245\/wp-content\/uploads\/2024\/04\/redes-min.jpg\" alt=\"\" class=\"wp-image-80\" style=\"width:100px;height:100px\"\/><\/figure>\n<\/div>\n\n\n<div style=\"height:20px\" aria-hidden=\"true\" class=\"wp-block-spacer\"><\/div>\n\n\n\n<p class=\"has-text-align-center has-neve-text-color-color has-text-color has-normal-font-size\">Redes sociales y sitios Web, <br>soportes important\u00edsimos, para su emprendimiento&#8230;<em>\u00a1vamos por ello!<\/em> <\/p>\n\n\n\n<p class=\"has-text-align-center has-neve-text-color-color has-text-color\"><strong><mark style=\"background-color:rgba(0, 0, 0, 0)\" class=\"has-inline-color has-nv-site-bg-color\"><a href=\"http:\/\/200.55.154.245\/index.php\/diseno\/\">SITIOS WEB Y REDES SOCIALES<\/a><\/mark><\/strong><\/p>\n\n\n\n<div style=\"height:20px\" aria-hidden=\"true\" class=\"wp-block-spacer\"><\/div>\n<\/div>\n<\/div>\n\n\n\n<div style=\"height:30px\" aria-hidden=\"true\" class=\"wp-block-spacer\"><\/div>\n<\/div><\/div>\n\n\n\n<div class=\"wp-block-cover alignfull\" style=\"min-height:300px;aspect-ratio:unset;\"><span aria-hidden=\"true\" class=\"wp-block-cover__background has-nv-dark-bg-background-color has-background-dim-100 has-background-dim\"><\/span><div class=\"wp-block-cover__inner-container is-layout-flow wp-block-cover-is-layout-flow\">\n<div style=\"height:22px\" aria-hidden=\"true\" class=\"wp-block-spacer\"><\/div>\n\n\n\n<h3 class=\"wp-block-heading has-text-align-center has-nv-text-dark-bg-color has-text-color\">Actualidades<\/h3>\n\n\n\n<p class=\"has-text-align-center has-medium-font-size\">Hacemos una recopilaci\u00f3n de las m\u00e1s importantes noticias, nacionales e internacionales, para que pueda tener una visi\u00f3n propia de los sucesos y sus causas.<\/p>\n\n\n\n<div class=\"wp-block-columns is-layout-flex wp-container-core-columns-is-layout-9d6595d7 wp-block-columns-is-layout-flex\">\n<div class=\"wp-block-column is-layout-flow wp-block-column-is-layout-flow\" style=\"flex-basis:25%\">\n<h4 class=\"wp-block-heading has-neve-link-hover-color-color has-text-color\"><a href=\"https:\/\/actualidad.rt.com\/actualidad\/534229-detienen-hombres-implicados-asesinato-teniente-general-kirilov\" target=\"_blank\" rel=\"noreferrer noopener\"><img loading=\"lazy\" decoding=\"async\" width=\"25\" height=\"25\" class=\"wp-image-31\" style=\"width: 25px;\" src=\"http:\/\/200.55.154.245\/wp-content\/uploads\/2024\/04\/rt-icon.png\" alt=\"\"><\/a> <a href=\"https:\/\/actualidad.rt.com\/actualidad\/599062-rapido-brutal-trump-amenaza-iran\" target=\"_blank\" rel=\"noreferrer noopener\"><mark style=\"background-color:rgba(0, 0, 0, 0)\" class=\"has-inline-color has-neve-link-hover-color-color\">&#8220;R\u00e1pido y brutal&#8221;: Trump amenaza a Ir\u00e1n con el sistema de ataques que emplea en el Caribe<\/mark><\/a><\/h4>\n\n\n\n<figure class=\"wp-block-image size-large\"><img loading=\"lazy\" decoding=\"async\" width=\"1024\" height=\"577\" src=\"http:\/\/200.55.154.245\/wp-content\/uploads\/2026\/04\/us.-navy-1024x577.jpg\" alt=\"\" class=\"wp-image-642\" srcset=\"http:\/\/200.55.154.245\/wp-content\/uploads\/2026\/04\/us.-navy-1024x577.jpg 1024w, http:\/\/200.55.154.245\/wp-content\/uploads\/2026\/04\/us.-navy-300x169.jpg 300w, http:\/\/200.55.154.245\/wp-content\/uploads\/2026\/04\/us.-navy-768x433.jpg 768w, http:\/\/200.55.154.245\/wp-content\/uploads\/2026\/04\/us.-navy.jpg 1104w\" sizes=\"auto, (max-width: 1024px) 100vw, 1024px\" \/><\/figure>\n\n\n\n<p class=\"has-nv-site-bg-color has-text-color has-link-color has-small-font-size wp-elements-45b868a9218258aa9c829405c669c87e\">Si alguno de los barcos de la Armada iran\u00ed se acerca al bloqueo naval estadounidense, &#8220;ser\u00e1 eliminado de inmediato&#8221;, afirm\u00f3 el mandatario.<\/p>\n\n\n\n<p class=\"has-nv-site-bg-color has-text-color has-link-color has-small-font-size wp-elements-6373299f4078a886e3876094d4487d4c\">El presidente de Estados Unidos, Donald Trump, lanz\u00f3 una nueva advertencia contra Ir\u00e1n, asegurando que cualquier embarcaci\u00f3n que se acerque al bloqueo naval ser\u00e1 &#8220;eliminada de inmediato&#8221; mediante un m\u00e9todo &#8220;r\u00e1pido y brutal&#8221;, igual al empleado contra el &#8220;narcotr\u00e1fico en barcos&#8221; en el Caribe.<\/p>\n\n\n\n<p class=\"has-nv-site-bg-color has-text-color has-link-color has-small-font-size wp-elements-60361629ee3255a9fec5278294a9b10f\">El mandatario afirm\u00f3 que gran parte de la flota iran\u00ed ya ha sido destruida, aunque reconoci\u00f3 que a\u00fan quedan peque\u00f1as lanchas de ataque r\u00e1pido. Seg\u00fan Trump, estas no fueron consideradas inicialmente una amenaza, pero advirti\u00f3 que cualquier intento de aproximaci\u00f3n recibir\u00e1 una respuesta sin contemplaciones.<\/p>\n\n\n\n<hr class=\"wp-block-separator has-alpha-channel-opacity\"\/>\n\n\n\n<figure class=\"wp-block-image size-large\"><img loading=\"lazy\" decoding=\"async\" width=\"1024\" height=\"577\" src=\"http:\/\/200.55.154.245\/wp-content\/uploads\/2026\/04\/imagen02-1024x577.jpg\" alt=\"\" class=\"wp-image-644\" srcset=\"http:\/\/200.55.154.245\/wp-content\/uploads\/2026\/04\/imagen02-1024x577.jpg 1024w, http:\/\/200.55.154.245\/wp-content\/uploads\/2026\/04\/imagen02-300x169.jpg 300w, http:\/\/200.55.154.245\/wp-content\/uploads\/2026\/04\/imagen02-768x433.jpg 768w, http:\/\/200.55.154.245\/wp-content\/uploads\/2026\/04\/imagen02.jpg 1104w\" sizes=\"auto, (max-width: 1024px) 100vw, 1024px\" \/><\/figure>\n\n\n\n<h4 class=\"wp-block-heading\"><a href=\"https:\/\/actualidad.rt.com\/actualidad\/534229-detienen-hombres-implicados-asesinato-teniente-general-kirilov\" target=\"_blank\" rel=\"noreferrer noopener\"><img loading=\"lazy\" decoding=\"async\" width=\"25\" height=\"25\" class=\"wp-image-31\" style=\"width: 25px;\" src=\"http:\/\/200.55.154.245\/wp-content\/uploads\/2024\/04\/rt-icon.png\" alt=\"\"><mark style=\"background-color:rgba(0, 0, 0, 0)\" class=\"has-inline-color has-neve-link-hover-color-color\"><\/mark><\/a><em><a href=\"https:\/\/actualidad.rt.com\/actualidad\/599091-trump-podriamos-pasar-cuba-despues\" target=\"_blank\" rel=\"noreferrer noopener\"><mark style=\"background-color:rgba(0, 0, 0, 0)\" class=\"has-inline-color has-neve-link-hover-color-color\">Trump: &#8220;Podr\u00edamos pasar por Cuba despu\u00e9s de terminar esto&#8221;<\/mark><\/a><\/em><\/h4>\n\n\n\n<p class=\"has-nv-site-bg-color has-text-color has-link-color has-small-font-size wp-elements-1ef683e414e2cbf662755be24a60fb64\">El mandatario solt\u00f3 una nueva amenaza contra La Habana, en medio del conflicto abierto contra Ir\u00e1n.<\/p>\n\n\n\n<p class=\"has-nv-site-bg-color has-text-color has-link-color has-small-font-size wp-elements-774973a9aec15109f4ee86e55d69527a\">El presidente de EE.UU., Donald Trump, lanz\u00f3 este lunes una nueva amenaza contra Cuba, en medio del conflicto que ha abierto tras su ataque contra Ir\u00e1n, en conjunto con Israel.<\/p>\n\n\n\n<p class=\"has-nv-site-bg-color has-text-color has-link-color has-small-font-size wp-elements-3f688bab176e86d17dd83cc757c19518\">&#8220;Podr\u00edamos pasar por Cuba despu\u00e9s de terminar esto&#8221;, dijo el mandatario desde la Casa Blanca, en respuesta a una periodista que le pregunt\u00f3 por qu\u00e9 hab\u00eda dejado de amenazar a los pa\u00edses que enviaran combustible a la isla.<\/p>\n\n\n\n<p class=\"has-nv-site-bg-color has-text-color has-link-color has-small-font-size wp-elements-a979ca97372f4e8b669c1c5f9075748d\">&#8220;Cuba es otra historia&#8221;, justific\u00f3 Trump. En su criterio, el pa\u00eds antillano &#8220;ha sido terriblemente mal administrado durante mucho tiempo&#8221; y tiene un &#8220;sistema terrible&#8221;. &#8220;Y tenemos muchos cubanoamericanos excelentes, de los cuales la mayor\u00eda votaron por m\u00ed&#8221;, a\u00f1adi\u00f3 en aparente gui\u00f1o a su base electoral de Florida.<\/p>\n\n\n\n<p class=\"has-nv-site-bg-color has-text-color has-link-color has-small-font-size wp-elements-f000add8c613ca235e5832cebbf22b4a\">Por esa raz\u00f3n, no descart\u00f3 abrir otro frente de hostilidades contra el pa\u00eds caribe\u00f1o, al que calific\u00f3 de &#8220;Estado fallido&#8221;. En opini\u00f3n del inquilino de la Casa Blanca, quien ha recrudecido el bloqueo que EE.UU. mantiene desde hace m\u00e1s de medio siglo contra Cuba, las dificultades econ\u00f3micas que padece la isla son consecuencia de que fue &#8220;horriblemente gobernada por Castro durante muchos a\u00f1os&#8221;.<\/p>\n\n\n\n<hr class=\"wp-block-separator has-alpha-channel-opacity\"\/>\n<\/div>\n\n\n\n<div class=\"wp-block-column is-layout-flow wp-block-column-is-layout-flow\" style=\"flex-basis:50%\">\n<figure class=\"wp-block-image size-large\"><a href=\"https:\/\/www.presidencia.gob.cu\/es\/presidencia\/intervenciones\/entrevista-concedida-a-kristen-welker-periodista-del-programa-meet-the-press-de-nbc-news\/\" target=\"_blank\" rel=\" noreferrer noopener\"><img loading=\"lazy\" decoding=\"async\" width=\"1024\" height=\"683\" src=\"http:\/\/200.55.154.245\/wp-content\/uploads\/2026\/04\/image01-1024x683.jpg\" alt=\"\" class=\"wp-image-638\" srcset=\"http:\/\/200.55.154.245\/wp-content\/uploads\/2026\/04\/image01-1024x683.jpg 1024w, http:\/\/200.55.154.245\/wp-content\/uploads\/2026\/04\/image01-300x200.jpg 300w, http:\/\/200.55.154.245\/wp-content\/uploads\/2026\/04\/image01-768x512.jpg 768w, http:\/\/200.55.154.245\/wp-content\/uploads\/2026\/04\/image01-930x620.jpg 930w, http:\/\/200.55.154.245\/wp-content\/uploads\/2026\/04\/image01.jpg 1280w\" sizes=\"auto, (max-width: 1024px) 100vw, 1024px\" \/><\/a><figcaption class=\"wp-element-caption\">Entrevista concedida a Kristen Welker, periodista del Programa Meet the Press de NBC News.<\/figcaption><\/figure>\n\n\n\n<iframe loading=\"lazy\" src=\"https:\/\/www.youtube.com\/embed\/BzS7aXyoviI?rel=0\" title=\"YouTube video player\" allow=\"accelerometer; autoplay; clipboard-\n\nwrite; encrypted-media; gyroscope; picture-in-picture; web-share\" referrerpolicy=\"strict-origin-when-cross-origin\" allowfullscreen=\"\" width=\"560\" height=\"315\" frameborder=\"0\"><\/iframe>\n\n\n\n<div style=\"text-align: center;\"><iframe loading=\"lazy\" src=\"https:\/\/www.youtube.com\/embed\/wAMztGsLNu0?rel=0\" title=\"YouTube video player\" allow=\"accelerometer; autoplay; clipboard-write; encrypted-media; gyroscope; picture-in-picture; web-share\" referrerpolicy=\"strict-origin-when-cross-origin\" allowfullscreen=\"\" width=\"350\" height=\"197\" frameborder=\"0\"><\/iframe><\/div>\n\n\n\n<div style=\"text-align: center;\"><iframe loading=\"lazy\" src=\"https:\/\/www.youtube.com\/embed\/9xX0nV7p-6I?rel=0\" title=\"YouTube video player\" allow=\"accelerometer; autoplay; clipboard-write; encrypted-media; gyroscope; picture-in-picture; web-share\" referrerpolicy=\"strict-origin-when-cross-origin\" allowfullscreen=\"\" width=\"350\" height=\"197\" frameborder=\"0\"><\/iframe><\/div>\n\n\n\n<div style=\"text-align: center;\"><iframe loading=\"lazy\" src=\"https:\/\/www.youtube.com\/embed\/0sXmw0dFtP4?rel=0\" title=\"YouTube video player\" allow=\"accelerometer; autoplay; clipboard-write; encrypted-media; gyroscope; picture-in-picture; web-share\" referrerpolicy=\"strict-origin-when-cross-origin\" allowfullscreen=\"\" width=\"350\" height=\"197\" frameborder=\"0\"><\/iframe><\/div>\n\n\n\n<div style=\"text-align: center;\"><iframe loading=\"lazy\" src=\"https:\/\/www.youtube.com\/embed\/V5eGHSTFO0E?rel=0\" title=\"YouTube video player\" allow=\"accelerometer; autoplay; clipboard-write; encrypted-media; gyroscope; picture-in-picture; web-share\" referrerpolicy=\"strict-origin-when-cross-origin\" allowfullscreen=\"\" width=\"350\" height=\"197\" frameborder=\"0\"><\/iframe><\/div>\n\n\n\n<div style=\"text-align: center;\"><iframe loading=\"lazy\" src=\"https:\/\/www.youtube.com\/embed\/6qiqO8BJ1hM?rel=0\" title=\"YouTube video player\" allow=\"accelerometer; autoplay; clipboard-write; encrypted-media; gyroscope; picture-in-picture; web-share\" referrerpolicy=\"strict-origin-when-cross-origin\" allowfullscreen=\"\" width=\"350\" height=\"197\" frameborder=\"0\"><\/iframe><\/div>\n\n\n\n<div style=\"text-align: center;\"><iframe loading=\"lazy\" src=\"https:\/\/www.youtube.com\/embed\/9vrf1NjZgBE?rel=0\" title=\"YouTube video player\" allow=\"accelerometer; autoplay; clipboard-write; encrypted-media; gyroscope; picture-in-picture; web-share\" referrerpolicy=\"strict-origin-when-cross-origin\" allowfullscreen=\"\" style=\"center\" width=\"350\" height=\"197\" frameborder=\"0\"><\/iframe><\/div>\n<\/div>\n\n\n\n<div class=\"wp-block-column is-layout-flow wp-block-column-is-layout-flow\" style=\"flex-basis:25%\">\n<h3 class=\"wp-block-heading has-text-align-center\">Nacionales<\/h3>\n\n\n\n<h4 class=\"wp-block-heading\"><img loading=\"lazy\" decoding=\"async\" width=\"60\" height=\"18\" class=\"wp-image-635\" style=\"width: 60px;\" src=\"http:\/\/200.55.154.245\/wp-content\/uploads\/2026\/01\/granma-logo.png\" alt=\"\"> <em><strong><a href=\"https:\/\/www.granma.cu\/cuba\/2026-01-04\/informacion-del-gobierno-revolucionario-sobre-combatientes-caidos-en-cumplimiento-de-su-deber-en-venezuela-04-01-2026-19-01-40\"><mark style=\"background-color:rgba(0, 0, 0, 0)\" class=\"has-inline-color has-nv-c-2-color\">\u00abConvocamos a un 1ro. de Mayo que nos estremezca como pa\u00eds desde la unidad y el compromiso de ser \u00fatiles\u00bb<\/mark><\/a><\/strong><\/em><\/h4>\n\n\n\n<figure class=\"wp-block-image size-full\"><a href=\"https:\/\/www.granma.cu\/cuba\/2026-04-12\/convocamos-a-un-1ro-de-mayo-que-nos-estremezca-como-pais-desde-la-unidad-y-el-compromiso-de-ser-utiles-12-04-2026-11-04-10\" target=\"_blank\" rel=\" noreferrer noopener\"><img loading=\"lazy\" decoding=\"async\" width=\"700\" height=\"415\" src=\"http:\/\/200.55.154.245\/wp-content\/uploads\/2026\/04\/mayo-26.jpg\" alt=\"\" class=\"wp-image-640\" srcset=\"http:\/\/200.55.154.245\/wp-content\/uploads\/2026\/04\/mayo-26.jpg 700w, http:\/\/200.55.154.245\/wp-content\/uploads\/2026\/04\/mayo-26-300x178.jpg 300w\" sizes=\"auto, (max-width: 700px) 100vw, 700px\" \/><\/a><\/figure>\n\n\n\n<p class=\"has-nv-site-bg-color has-text-color has-link-color has-small-font-size wp-elements-9ad6f19d9b0c84511287bdad84c9b7c6\">La convocatoria se extiende a los amigos de Cuba en el mundo para que acompa\u00f1en, como cada a\u00f1o, la celebraci\u00f3n del D\u00eda Internacional de los Trabajadores<\/p>\n\n\n\n<p class=\"has-nv-site-bg-color has-text-color has-link-color has-small-font-size wp-elements-4ab710eea9df00bbfe2ed181c045f02c\">Luego de una jornada de trabajo voluntario enfocada en la producci\u00f3n de alimentos, como expresi\u00f3n de la defensa de la soberan\u00eda alimentaria, la Central de Trabajadores de Cuba (CTC) y sus sindicatos, convocaron a celebrar el D\u00eda Internacional de los Trabajadores, el pr\u00f3ximo 1ro. de mayo de 2026.<\/p>\n\n\n\n<p class=\"has-nv-site-bg-color has-text-color has-link-color has-small-font-size wp-elements-41728f8fdeef55540b5c7a5e9b7ec194\">Encabezado por los miembros del Comit\u00e9 Central del Partido, Liv\u00e1n Izquierdo Alonso, primer secretario en la capital, y Yanet Hern\u00e1ndez P\u00e9rez, Gobernadora de La Habana, as\u00ed como otros integrantes de la Uni\u00f3n de J\u00f3venes Comunistas y dirigentes del Partido del territorio, Osnay Miguel Colina Rodr\u00edguez, presidente de la comisi\u00f3n organizadora del XXII Congreso de la CTC, exhort\u00f3 que ante las amenazas crecientes del gobierno estadounidense, reforzadas con la orden ejecutiva que suma un cerco energ\u00e9tico al ya recrudecido bloqueo\u2014, \u00abno hay nada m\u00e1s importante y decisivo hoy que trabajar unidos y crecernos como pa\u00eds\u00bb.<\/p>\n\n\n\n<hr class=\"wp-block-separator has-alpha-channel-opacity\"\/>\n\n\n\n<figure class=\"wp-block-image size-full\"><img loading=\"lazy\" decoding=\"async\" width=\"740\" height=\"493\" src=\"http:\/\/200.55.154.245\/wp-content\/uploads\/2025\/02\/0147.jpg\" alt=\"\" class=\"wp-image-577\" srcset=\"http:\/\/200.55.154.245\/wp-content\/uploads\/2025\/02\/0147.jpg 740w, http:\/\/200.55.154.245\/wp-content\/uploads\/2025\/02\/0147-300x200.jpg 300w\" sizes=\"auto, (max-width: 740px) 100vw, 740px\" \/><\/figure>\n\n\n\n<h3 class=\"wp-block-heading\">\u00bfAd\u00f3nde apunta el pr\u00f3ximo C\u00f3digo de Trabajo?<\/h3>\n\n\n\n<p class=\"has-nv-site-bg-color has-text-color has-link-color has-small-font-size wp-elements-cc36ed5d8c51791ad1072554cab3c3bc\">Publicado el 3 febrero, 2025 \u2022 1:38 por Francisco Rodr\u00edguez Cruz<\/p>\n\n\n\n<p class=\"has-nv-site-bg-color has-text-color has-link-color has-small-font-size wp-elements-b19f6d285b7b18140760fc5dbde98321\">La anunciada modificaci\u00f3n del C\u00f3digo de Trabajo es uno de los hitos que seguramente centrar\u00e1 la atenci\u00f3n del movimiento sin\u00addical cubano y de todos nuestros colectivos laborales durante este a\u00f1o 2025.<\/p>\n\n\n\n<p class=\"has-nv-site-bg-color has-text-color has-link-color has-small-font-size wp-elements-0547c6e2f18dded8628aafe731d0322f\">Previsto para abril y mayo pr\u00f3ximos, el proceso de consulta a los trabajadores debe estar precedido por un grupo de preci\u00adsiones con la CTC y la preparaci\u00f3n de quienes conducir\u00e1n ese debate, desde este mes de febrero, de acuerdo con informaci\u00f3n proporcionada por el Ministerio de Trabajo y Seguridad Social.<\/p>\n\n\n\n<p class=\"has-nv-site-bg-color has-text-color has-link-color has-small-font-size wp-elements-df850edbe0d3089186835425d8644e7c\">En poco m\u00e1s de una d\u00e9cada desde que en el 2013 se aprobara la Ley en vigor hoy, no son pocas ni sencillas las transformaciones que han acontecido en el entorno laboral del pa\u00eds y hacen impres\u00adcindible esta actualizaci\u00f3n.<\/p>\n\n\n\n<p class=\"has-nv-site-bg-color has-text-color has-link-color has-small-font-size wp-elements-f0640d5dbaca79da5a3bc46afcc3eda4\">A finales del pasado a\u00f1o los diputados de la comisi\u00f3n de Asun\u00adtos Econ\u00f3micos de la Asamblea Nacional del Poder Popular pu\u00addieron conocer y analizar la pol\u00edtica que animar\u00e1 la nueva norma jur\u00eddica, que comprende mejoras no solamente desde el punto de vista t\u00e9cnico, sino sobre todo cambios sustanciales en principios y conceptos alrededor del mundo del trabajo.<br><mark style=\"background-color:tomato;\" class=\"has-inline-color has-nv-c-1-color\"><a href=\"https:\/\/www.trabajadores.cu\/20250203\/adonde-apunta-el-proximo-codigo-de-trabajo\/\" target=\"_blank\" rel=\"noreferrer noopener\"> <strong>LEER M\u00c1S<\/strong><\/a><\/mark><\/p>\n\n\n\n<hr class=\"wp-block-separator has-alpha-channel-opacity\"\/>\n\n\n\n<hr class=\"wp-block-separator has-alpha-channel-opacity\"\/>\n<\/div>\n<\/div>\n\n\n\n<div style=\"height:140px\" aria-hidden=\"true\" class=\"wp-block-spacer\"><\/div>\n<\/div><\/div>\n\n\n\n<div class=\"wp-block-cover alignfull is-light\" style=\"min-height:160px;aspect-ratio:unset;\"><span aria-hidden=\"true\" class=\"wp-block-cover__background has-background-dim-100 has-background-dim\" style=\"background-color:#d4d4d4\"><\/span><div class=\"wp-block-cover__inner-container is-layout-flow wp-block-cover-is-layout-flow\">\n<ul class=\"wp-block-social-links has-icon-color is-style-logos-only is-content-justification-center is-layout-flex wp-container-core-social-links-is-layout-16018d1d wp-block-social-links-is-layout-flex\">\n\n\n\n<li style=\"color:var(--nv-primary-accent);\" class=\"wp-social-link wp-social-link-instagram has-neve-link-color-color wp-block-social-link\"><a href=\"https:\/\/www.instagram.com\/editorialfelixvarela\" class=\"wp-block-social-link-anchor\"><svg width=\"24\" height=\"24\" viewBox=\"0 0 24 24\" version=\"1.1\" xmlns=\"http:\/\/www.w3.org\/2000\/svg\" aria-hidden=\"true\" focusable=\"false\"><path d=\"M12,4.622c2.403,0,2.688,0.009,3.637,0.052c0.877,0.04,1.354,0.187,1.671,0.31c0.42,0.163,0.72,0.358,1.035,0.673 c0.315,0.315,0.51,0.615,0.673,1.035c0.123,0.317,0.27,0.794,0.31,1.671c0.043,0.949,0.052,1.234,0.052,3.637 s-0.009,2.688-0.052,3.637c-0.04,0.877-0.187,1.354-0.31,1.671c-0.163,0.42-0.358,0.72-0.673,1.035 c-0.315,0.315-0.615,0.51-1.035,0.673c-0.317,0.123-0.794,0.27-1.671,0.31c-0.949,0.043-1.233,0.052-3.637,0.052 s-2.688-0.009-3.637-0.052c-0.877-0.04-1.354-0.187-1.671-0.31c-0.42-0.163-0.72-0.358-1.035-0.673 c-0.315-0.315-0.51-0.615-0.673-1.035c-0.123-0.317-0.27-0.794-0.31-1.671C4.631,14.688,4.622,14.403,4.622,12 s0.009-2.688,0.052-3.637c0.04-0.877,0.187-1.354,0.31-1.671c0.163-0.42,0.358-0.72,0.673-1.035 c0.315-0.315,0.615-0.51,1.035-0.673c0.317-0.123,0.794-0.27,1.671-0.31C9.312,4.631,9.597,4.622,12,4.622 M12,3 C9.556,3,9.249,3.01,8.289,3.054C7.331,3.098,6.677,3.25,6.105,3.472C5.513,3.702,5.011,4.01,4.511,4.511 c-0.5,0.5-0.808,1.002-1.038,1.594C3.25,6.677,3.098,7.331,3.054,8.289C3.01,9.249,3,9.556,3,12c0,2.444,0.01,2.751,0.054,3.711 c0.044,0.958,0.196,1.612,0.418,2.185c0.23,0.592,0.538,1.094,1.038,1.594c0.5,0.5,1.002,0.808,1.594,1.038 c0.572,0.222,1.227,0.375,2.185,0.418C9.249,20.99,9.556,21,12,21s2.751-0.01,3.711-0.054c0.958-0.044,1.612-0.196,2.185-0.418 c0.592-0.23,1.094-0.538,1.594-1.038c0.5-0.5,0.808-1.002,1.038-1.594c0.222-0.572,0.375-1.227,0.418-2.185 C20.99,14.751,21,14.444,21,12s-0.01-2.751-0.054-3.711c-0.044-0.958-0.196-1.612-0.418-2.185c-0.23-0.592-0.538-1.094-1.038-1.594 c-0.5-0.5-1.002-0.808-1.594-1.038c-0.572-0.222-1.227-0.375-2.185-0.418C14.751,3.01,14.444,3,12,3L12,3z M12,7.378 c-2.552,0-4.622,2.069-4.622,4.622S9.448,16.622,12,16.622s4.622-2.069,4.622-4.622S14.552,7.378,12,7.378z M12,15 c-1.657,0-3-1.343-3-3s1.343-3,3-3s3,1.343,3,3S13.657,15,12,15z M16.804,6.116c-0.596,0-1.08,0.484-1.08,1.08 s0.484,1.08,1.08,1.08c0.596,0,1.08-0.484,1.08-1.08S17.401,6.116,16.804,6.116z\"><\/path><\/svg><span class=\"wp-block-social-link-label screen-reader-text\">Instagram<\/span><\/a><\/li>\n\n<li style=\"color:var(--nv-primary-accent);\" class=\"wp-social-link wp-social-link-facebook has-neve-link-color-color wp-block-social-link\"><a href=\"https:\/\/www.facebook.com\/@EditorialUniversitariaFelixVarela\" class=\"wp-block-social-link-anchor\"><svg width=\"24\" height=\"24\" viewBox=\"0 0 24 24\" version=\"1.1\" xmlns=\"http:\/\/www.w3.org\/2000\/svg\" aria-hidden=\"true\" focusable=\"false\"><path d=\"M12 2C6.5 2 2 6.5 2 12c0 5 3.7 9.1 8.4 9.9v-7H7.9V12h2.5V9.8c0-2.5 1.5-3.9 3.8-3.9 1.1 0 2.2.2 2.2.2v2.5h-1.3c-1.2 0-1.6.8-1.6 1.6V12h2.8l-.4 2.9h-2.3v7C18.3 21.1 22 17 22 12c0-5.5-4.5-10-10-10z\"><\/path><\/svg><span class=\"wp-block-social-link-label screen-reader-text\">Facebook<\/span><\/a><\/li><\/ul>\n\n\n\n<p class=\"has-text-align-center has-background\" style=\"background-color:#d4d4d4\">\u00a9 EEPFV 2024. Calle A, N\u00ba 703 e\/ Zapata y Calle 29, Plaza de la Revoluci\u00f3n, La Habana Cuba.<\/p>\n\n\n\n<div class=\"wp-block-buttons is-content-justification-right is-layout-flex wp-container-core-buttons-is-layout-765c4724 wp-block-buttons-is-layout-flex\">\n<div class=\"wp-block-button\"><a class=\"wp-block-button__link has-small-font-size has-custom-font-size wp-element-button\" href=\"#\" style=\"border-top-left-radius:20px;border-top-right-radius:0px;border-bottom-left-radius:20px;border-bottom-right-radius:20px\">Subir<\/a><\/div>\n<\/div>\n\n\n\n<div style=\"height:141px\" aria-hidden=\"true\" class=\"wp-block-spacer\"><\/div>\n<\/div><\/div>\n","protected":false},"excerpt":{"rendered":"<p>Servicios Editoriales Especialistas encargados de realizar todo el proceso, que culmina en una obra distinguida. Comercial Distribuye y comercializa el cat\u00e1logo de obras de la editorial, en eventos, ferias y otros. Servicios Poligr\u00e1fico Garantizamos calidad en reproducci\u00f3n de obras impresas,cuadernos y otros.<\/p>\n","protected":false},"author":1,"featured_media":0,"parent":0,"menu_order":0,"comment_status":"closed","ping_status":"closed","template":"","meta":{"neve_meta_sidebar":"","neve_meta_container":"","neve_meta_enable_content_width":"on","neve_meta_content_width":100,"neve_meta_title_alignment":"","neve_meta_author_avatar":"","neve_post_elements_order":"","neve_meta_disable_header":"","neve_meta_disable_footer":"on","neve_meta_disable_title":"on","_joinchat":[],"footnotes":""},"class_list":["post-7","page","type-page","status-publish","hentry"],"_links":{"self":[{"href":"http:\/\/200.55.154.245\/index.php\/wp-json\/wp\/v2\/pages\/7","targetHints":{"allow":["GET"]}}],"collection":[{"href":"http:\/\/200.55.154.245\/index.php\/wp-json\/wp\/v2\/pages"}],"about":[{"href":"http:\/\/200.55.154.245\/index.php\/wp-json\/wp\/v2\/types\/page"}],"author":[{"embeddable":true,"href":"http:\/\/200.55.154.245\/index.php\/wp-json\/wp\/v2\/users\/1"}],"replies":[{"embeddable":true,"href":"http:\/\/200.55.154.245\/index.php\/wp-json\/wp\/v2\/comments?post=7"}],"version-history":[{"count":181,"href":"http:\/\/200.55.154.245\/index.php\/wp-json\/wp\/v2\/pages\/7\/revisions"}],"predecessor-version":[{"id":647,"href":"http:\/\/200.55.154.245\/index.php\/wp-json\/wp\/v2\/pages\/7\/revisions\/647"}],"wp:attachment":[{"href":"http:\/\/200.55.154.245\/index.php\/wp-json\/wp\/v2\/media?parent=7"}],"curies":[{"name":"wp","href":"https:\/\/api.w.org\/{rel}","templated":true}]}}