{"id":116,"date":"2024-04-27T15:50:58","date_gmt":"2024-04-27T15:50:58","guid":{"rendered":"http:\/\/200.55.154.245\/?page_id=116"},"modified":"2024-05-03T13:30:29","modified_gmt":"2024-05-03T13:30:29","slug":"biografia","status":"publish","type":"page","link":"http:\/\/200.55.154.245\/index.php\/biografia\/","title":{"rendered":"Biograf\u00eda"},"content":{"rendered":"\n<figure class=\"wp-block-image size-full\"><img loading=\"lazy\" decoding=\"async\" width=\"229\" height=\"316\" src=\"http:\/\/200.55.154.245\/wp-content\/uploads\/2024\/04\/varela-2.jpg\" alt=\"\" class=\"wp-image-21\" srcset=\"http:\/\/200.55.154.245\/wp-content\/uploads\/2024\/04\/varela-2.jpg 229w, http:\/\/200.55.154.245\/wp-content\/uploads\/2024\/04\/varela-2-217x300.jpg 217w\" sizes=\"auto, (max-width: 229px) 100vw, 229px\" \/><figcaption class=\"wp-element-caption\"><small>Vitral dedicado a F\u00e9lix Varela.<\/small><\/figcaption><\/figure>\n\n\n\n<p>F\u00e9lix Francisco Jos\u00e9 Mar\u00eda de la Concepci\u00f3n Varela y Morales naci\u00f3 el 20 de noviembre de 1788 en la casa de sus padres, en la calle Obispo, entre Villegas y Aguacate, en La Habana. Sus padres fueron Francisco Varela y P\u00e9rez (espa\u00f1ol, Capit\u00e1n del Regimiento Fijo de La Habana) y Mar\u00eda Josefa Morales y Medina (santiaguera, ama de casa). F\u00e9lix fue el tercero de tres hermanos, sus dos hermanas se llamaban Mar\u00eda de Jes\u00fas y Cristina. Bautizado a la semana de nacido, en la iglesia del Santo \u00c1ngel Custodio, por el sacerdote dominico Miguel Hern\u00e1ndez, capell\u00e1n del regimiento Fijo de La Habana, al que pertenecen su padre y su abuelo Bartolom\u00e9 Morales, este \u00faltimo fue su padrino junto con su t\u00eda, Rita (Josefa) Morales y Medina; a los que se les recuerda responsabilidad en la educaci\u00f3n cristiana y moral del peque\u00f1o, m\u00e1s que en 1792, contando F\u00e9lix con solo 3 a\u00f1os, fallece su madre, quedando \u00e9ste junto a sus dos hermanas al amparo de sus padrinos, as\u00ed como su abuela y sus otras t\u00edas Margarita e Isabel, se ocupar\u00e1n de \u00e9l ante la incapacidad del padre, aI dedicarse por entero a su carrera militar, casi siempre de viaje en misi\u00f3n de servicio. Por lo que conf\u00eda su cuidado y educaci\u00f3n a sus t\u00edas maternas, bajo la mirada y cuidado del abuelo, con quienes vivir\u00e1 hasta que crezca y tenga vida propia. El mismo a\u00f1o su abuelo Bartolom\u00e9 fue trasladado a San Agust\u00edn de la Florida (a\u00fan en posesi\u00f3n de Espa\u00f1a) como oficial del ej\u00e9rcito en servicio, lleva consigo a F\u00e9lix de 3 a\u00f1os, inicia sus estudios primarios con el padre O&#8217;Reilly, que le ense\u00f1a lat\u00edn, gram\u00e1tica y viol\u00edn. Cuando lleg\u00f3 el momento de empezar sus estudios secundarios, F\u00e9lix regresa a La Habana. Su padre hab\u00eda muerto y el abuelo so\u00f1aba con hacer de \u00e9l un valiente y honrado militar, seg\u00fan la tradici\u00f3n familiar. Cuando ten\u00eda 14 a\u00f1os su abuelo le propuso empezar la carrera de cadete en una escuela militar, pero Varela pide entrar en un seminario para hacerse sacerdote.<br>A este efecto comienza sus estudios en Real y Conciliar Colegio Seminario San Carlos y San Ambrosio de La Habana destac\u00e1ndose por sus estudios y su vocaci\u00f3n seminarista. Al mismo tiempo Varela comienza a estudiar en la Universidad de La Habana y a los 19 a\u00f1os, debido a su empe\u00f1o, recibe c\u00e1tedras de sus propios profesores.<\/p>\n\n\n\n<h3 class=\"wp-block-heading\">Sacerdocio<\/h3>\n\n\n\n<p>A los 23 a\u00f1os es ordenado sacerdote en la Catedral de La Habana Obispo Espada y el 21 de diciembre de 1811. Celebra su primera misa en el convento de Santa Teresa en La Habana.<br>A los veinticuatro a\u00f1os es nombrado profesor de Filosof\u00eda, F\u00edsica y \u00c9tica en el seminario habanero. All\u00ed prepara el primer laboratorio de F\u00edsica y Qu\u00edmica del pa\u00eds. El Padre Varela da una importancia capital a los m\u00e9todos de aprendizaje y utiliza sistemas innovadores para su \u00e9poca, queriendo que sus alumnos aprendan con la cabeza y el inter\u00e9s y no repitiendo de memoria lo que se les ense\u00f1aba, a este respecto dec\u00eda:<br>\u00abAprender de memoria es el mayor de los absurdos, pues si falla la memoria falla todo lo estudiado, por ello la constancia en el estudio consolida los conocimientos\u00bb.<br>Uno de sus disc\u00edpulos Jos\u00e9 de la Luz y Caballero dijo una vez de su maestro:<br>\u00ab<em><strong>Mientras se piense en Cuba, se pensara con respeto y veneraci\u00f3n en aquel que nos ense\u00f1o a pensar<\/strong><\/em>\u00bb.<br>Es por ello que los cubanos se refieren a Varela como &#8220;<em><strong>el que los ense\u00f1o a pensar<\/strong><\/em>&#8220;, pues siempre puso delante la reflexi\u00f3n y la pr\u00e1ctica, al repetitismo memor\u00edstico y la inmovilidad de los centros de ense\u00f1anza de la \u00e9poca, de orden fundamentalmente can\u00f3nico y fuertemente marcados por la religi\u00f3n y el ostracismo. Varela uni\u00f3 ciencia y conciencia y por eso siempre se ha dicho que la &#8220;<em><strong>Reflexi\u00f3n fue su trinchera<\/strong><\/em>&#8220;.<br>El padre Varela form\u00f3 a los m\u00e1s destacados hombres de su \u00e9poca tales como Jos\u00e9 Antonio Saco, Domingo del Monte, Jos\u00e9 de la Luz y Caballero, sin embargo su extensa labor no se limit\u00f3 a la ense\u00f1anza, tambi\u00e9n fund\u00f3 la primera Sociedad Filarm\u00f3nica de La Habana, form\u00f3 parte y trabaj\u00f3 para la Sociedad Econ\u00f3mica de Amigos del Pa\u00eds, y escribi\u00f3 obras de teatro y de filosof\u00eda.<br>El 18 de enero de 1821, a los treinta y dos a\u00f1os, funda en el seminario la primera c\u00e1tedra de derecho de Am\u00e9rica Latina donde se ense\u00f1a la Legalidad y la Responsabilidad Civil. El mismo Varela, consciente de la importancia de su c\u00e1tedra, dice sobre la misma:<br>\u00ab<em><strong>La C\u00e1tedra de la libertad y de los derechos humanos, la fuente de la virtudes c\u00edvicas y la base del gran edificio de nuestra felicidad<\/strong><\/em>\u00bb.<br>Su labor pol\u00edtica no fue menos meritoria, fue elegido diputado ante las Cortes Espa\u00f1olas, representando a Cuba, y parti\u00f3 para Espa\u00f1a con treinta y cuatro a\u00f1os, sin saber que no volver\u00eda a ver jam\u00e1s su amada Cuba. En la metr\u00f3poli comienza una ardua labor parlamentaria organizando un grupo con los dem\u00e1s representantes de las provincias espa\u00f1olas de ultramar, Cuba, Puerto Rico y Filipinas, a fin de mejorar la defensa de los derechos comunes. Forma parte tambi\u00e9n de varias delegaciones con el objetivo de presentarle al Rey iniciativas para mejorar la instrucci\u00f3n p\u00fablica en las provincias de ultramar, redacta un proyecto de ley para abolir la esclavitud, a la cual se opon\u00eda rotundamente y consideraba totalmente opuesta a los valores cristianos. Propone el reconocimiento de la independencia de algunas naciones americanas ya liberadas y lanza un nuevo proyecto de ley para un gobierno aut\u00f3nomo en las provincias de ultramar, sobre ello escribi\u00f3:<br>\u00ab <em><strong>Las leyes se humedecen y debilitan atravesando el oc\u00e9ano y a ellas las sustituye la voluntad del hombre<\/strong><\/em>\u00bb.<br>Sin embargo, s\u00f3lo un a\u00f1o pasa en las Cortes representando a Cuba, ya que se produce la invasi\u00f3n del Duque de Angulema, al frente de los 100.000 hijos de San Luis en 1823, encomendado por las fuerzas absolutistas para acabar con el r\u00e9gimen liberal y Varela vota en contra del Rey Fernando VII para abolir la Constituci\u00f3n . Por esta raz\u00f3n es condenado a la pena de muerte junto con otros diputados que mantuvieron la misma convicci\u00f3n.<\/p>\n\n\n\n<h3 class=\"wp-block-heading\">\u00daltimos a\u00f1os<\/h3>\n\n\n\n<p>Escapa de Espa\u00f1a y parte hacia los Estados Unidos convencido de que no hay mejor salida para Cuba que la independencia de una metr\u00f3polis cuyo Rey abandona su pueblo y que mucho menos vela por sus provincias de ultramar. Desde la naci\u00f3n americana comienza a organizar y luego a presidir un movimiento independentista. Tiene 35 a\u00f1os e inicia una ardua labor propagand\u00edstica en pos de la independencia, fundando en Filadelfia el primer peri\u00f3dico independentista llamado <strong><em>&#8220;El Habanero&#8221;<\/em> <\/strong>(1824-1826), donde escribe:<br>\u00ab<strong><em>Desear\u00eda ver a Cuba tan isla en lo pol\u00edtico como lo es en la naturaleza, (\u2026) Cuba no debe esperar ya nada de Espa\u00f1a\u2026ni de nadie, debe liberarse por si sola <\/em>(\u2026)<\/strong>\u00bb<br>Aunque se le atribuye la autor\u00eda de la novela hist\u00f3rica Jicot\u00e9ncal publicada en forma an\u00f3nima en Filadelfia en 1826, esta obra tambi\u00e9n ha sido atribuida a autores como Jos\u00e9 Mar\u00eda Heredia y F\u00e9lix Mej\u00eda. Durante m\u00e1s de 30 a\u00f1os de vida en el exilio funda escuelas, edifica iglesias, evangeliza a los m\u00e1s pobres, defiende la fe cat\u00f3lica ante el predominio del protestantismo, y los \u00faltimos a\u00f1os de su vida estuvieron marcados por la pobreza, las enfermedades, y la soledad. El 25 de febrero de 1853 muere en la ciudad de San Agust\u00edn en la Florida. Sus restos descansan hoy en el Aula Magna de la Universidad de La Habana.<br>Desde 1981 el gobierno de la Rep\u00fablica de Cuba crea la Orden F\u00e9lix Varela, la m\u00e1s alta distinci\u00f3n otorgada a cubanos y extranjeros, adem\u00e1s de colectivos culturales en reconocimiento a aportes extraordinarios realizados a favor de los valores imperecederos de la cultura nacional y universal.<br>Camino a los altares<br>El 14 de marzo del 2012, se firm\u00f3 el decreto donde el papa Benedicto XVI por medio de la Congregaci\u00f3n para las Causas de los Santos, declar\u00f3 al Siervo de Dios F\u00e9lix Varela como Venerable, uno de los primeros pasos para ser declarado santo. Record\u00e1ndose lo dicho en la homil\u00eda de Benedicto XVI en La Habana (Cuba): el Padre F\u00e9lix Varela fue un ejemplo preclaro de c\u00f3mo un hombre de fe pueda aportar a la construcci\u00f3n de una sociedad m\u00e1s justa&#8230; Varela nos recuerda que <em><strong>\u2018No hay patria sin virtud\u2019<\/strong><\/em>.<\/p>\n\n\n\n<blockquote class=\"wp-block-quote has-very-light-gray-to-cyan-bluish-gray-gradient-background has-background is-layout-flow wp-block-quote-is-layout-flow\">\n<p><strong>Obras<\/strong><\/p>\n<cite>Entre sus principales obras podemos citar:<br>\u2022 Instituciones de Filosof\u00eda Ecl\u00e9ctica para el uso de la Juventud Estudiosa (1813)<br>\u2022 Lecciones de Filosof\u00eda (1818) <br>\u2022 Miscel\u00e1nea Filos\u00f3fica (1819)<br>\u2022 Cartas a Elpidio \u2014sobre la Impiedad, la Superstici\u00f3n y el Fanatismo en sus Relaciones con la Sociedad (1835)<\/cite><\/blockquote>\n\n\n\n<div class=\"wp-block-cover alignfull is-light\" style=\"min-height:160px;aspect-ratio:unset;\"><span aria-hidden=\"true\" class=\"wp-block-cover__background has-background-dim-100 has-background-dim\" style=\"background-color:#d4d4d4\"><\/span><div class=\"wp-block-cover__inner-container is-layout-flow wp-block-cover-is-layout-flow\">\n<ul class=\"wp-block-social-links has-icon-color is-style-logos-only is-content-justification-center is-layout-flex wp-container-core-social-links-is-layout-16018d1d wp-block-social-links-is-layout-flex\">\n\n\n\n<li style=\"color:var(--nv-primary-accent);\" class=\"wp-social-link wp-social-link-instagram has-neve-link-color-color wp-block-social-link\"><a href=\"https:\/\/www.instagram.com\/editorialfelixvarela\" class=\"wp-block-social-link-anchor\"><svg width=\"24\" height=\"24\" viewBox=\"0 0 24 24\" version=\"1.1\" xmlns=\"http:\/\/www.w3.org\/2000\/svg\" aria-hidden=\"true\" focusable=\"false\"><path d=\"M12,4.622c2.403,0,2.688,0.009,3.637,0.052c0.877,0.04,1.354,0.187,1.671,0.31c0.42,0.163,0.72,0.358,1.035,0.673 c0.315,0.315,0.51,0.615,0.673,1.035c0.123,0.317,0.27,0.794,0.31,1.671c0.043,0.949,0.052,1.234,0.052,3.637 s-0.009,2.688-0.052,3.637c-0.04,0.877-0.187,1.354-0.31,1.671c-0.163,0.42-0.358,0.72-0.673,1.035 c-0.315,0.315-0.615,0.51-1.035,0.673c-0.317,0.123-0.794,0.27-1.671,0.31c-0.949,0.043-1.233,0.052-3.637,0.052 s-2.688-0.009-3.637-0.052c-0.877-0.04-1.354-0.187-1.671-0.31c-0.42-0.163-0.72-0.358-1.035-0.673 c-0.315-0.315-0.51-0.615-0.673-1.035c-0.123-0.317-0.27-0.794-0.31-1.671C4.631,14.688,4.622,14.403,4.622,12 s0.009-2.688,0.052-3.637c0.04-0.877,0.187-1.354,0.31-1.671c0.163-0.42,0.358-0.72,0.673-1.035 c0.315-0.315,0.615-0.51,1.035-0.673c0.317-0.123,0.794-0.27,1.671-0.31C9.312,4.631,9.597,4.622,12,4.622 M12,3 C9.556,3,9.249,3.01,8.289,3.054C7.331,3.098,6.677,3.25,6.105,3.472C5.513,3.702,5.011,4.01,4.511,4.511 c-0.5,0.5-0.808,1.002-1.038,1.594C3.25,6.677,3.098,7.331,3.054,8.289C3.01,9.249,3,9.556,3,12c0,2.444,0.01,2.751,0.054,3.711 c0.044,0.958,0.196,1.612,0.418,2.185c0.23,0.592,0.538,1.094,1.038,1.594c0.5,0.5,1.002,0.808,1.594,1.038 c0.572,0.222,1.227,0.375,2.185,0.418C9.249,20.99,9.556,21,12,21s2.751-0.01,3.711-0.054c0.958-0.044,1.612-0.196,2.185-0.418 c0.592-0.23,1.094-0.538,1.594-1.038c0.5-0.5,0.808-1.002,1.038-1.594c0.222-0.572,0.375-1.227,0.418-2.185 C20.99,14.751,21,14.444,21,12s-0.01-2.751-0.054-3.711c-0.044-0.958-0.196-1.612-0.418-2.185c-0.23-0.592-0.538-1.094-1.038-1.594 c-0.5-0.5-1.002-0.808-1.594-1.038c-0.572-0.222-1.227-0.375-2.185-0.418C14.751,3.01,14.444,3,12,3L12,3z M12,7.378 c-2.552,0-4.622,2.069-4.622,4.622S9.448,16.622,12,16.622s4.622-2.069,4.622-4.622S14.552,7.378,12,7.378z M12,15 c-1.657,0-3-1.343-3-3s1.343-3,3-3s3,1.343,3,3S13.657,15,12,15z M16.804,6.116c-0.596,0-1.08,0.484-1.08,1.08 s0.484,1.08,1.08,1.08c0.596,0,1.08-0.484,1.08-1.08S17.401,6.116,16.804,6.116z\"><\/path><\/svg><span class=\"wp-block-social-link-label screen-reader-text\">Instagram<\/span><\/a><\/li>\n\n<li style=\"color:var(--nv-primary-accent);\" class=\"wp-social-link wp-social-link-facebook has-neve-link-color-color wp-block-social-link\"><a href=\"https:\/\/www.facebook.com\/@EditorialUniversitariaFelixVarela\" class=\"wp-block-social-link-anchor\"><svg width=\"24\" height=\"24\" viewBox=\"0 0 24 24\" version=\"1.1\" xmlns=\"http:\/\/www.w3.org\/2000\/svg\" aria-hidden=\"true\" focusable=\"false\"><path d=\"M12 2C6.5 2 2 6.5 2 12c0 5 3.7 9.1 8.4 9.9v-7H7.9V12h2.5V9.8c0-2.5 1.5-3.9 3.8-3.9 1.1 0 2.2.2 2.2.2v2.5h-1.3c-1.2 0-1.6.8-1.6 1.6V12h2.8l-.4 2.9h-2.3v7C18.3 21.1 22 17 22 12c0-5.5-4.5-10-10-10z\"><\/path><\/svg><span class=\"wp-block-social-link-label screen-reader-text\">Facebook<\/span><\/a><\/li><\/ul>\n\n\n\n<p class=\"has-text-align-center has-background\" style=\"background-color:#d4d4d4\">\u00a9 EEPFV 2024. Calle A, N\u00ba 703 e\/ Zapata y Calle 29, Plaza de la Revoluci\u00f3n, La Habana Cuba.<\/p>\n\n\n\n<div class=\"wp-block-buttons is-content-justification-right is-layout-flex wp-container-core-buttons-is-layout-765c4724 wp-block-buttons-is-layout-flex\">\n<div class=\"wp-block-button has-custom-font-size has-small-font-size\"><a class=\"wp-block-button__link wp-element-button\" href=\"#\" style=\"border-top-left-radius:20px;border-top-right-radius:0px;border-bottom-left-radius:20px;border-bottom-right-radius:20px\">Subir<\/a><\/div>\n<\/div>\n<\/div><\/div>\n","protected":false},"excerpt":{"rendered":"<p>F\u00e9lix Francisco Jos\u00e9 Mar\u00eda de la Concepci\u00f3n Varela y Morales naci\u00f3 el 20 de noviembre de 1788 en la casa de sus padres, en la calle Obispo, entre Villegas y Aguacate, en La Habana. Sus padres fueron Francisco Varela y P\u00e9rez (espa\u00f1ol, Capit\u00e1n del Regimiento Fijo de La Habana) y Mar\u00eda Josefa Morales y Medina&hellip;&nbsp;<a href=\"http:\/\/200.55.154.245\/index.php\/biografia\/\" class=\"\" rel=\"bookmark\">Leer m\u00e1s &raquo;<span class=\"screen-reader-text\">Biograf\u00eda<\/span><\/a><\/p>\n","protected":false},"author":1,"featured_media":0,"parent":0,"menu_order":0,"comment_status":"closed","ping_status":"closed","template":"","meta":{"neve_meta_sidebar":"","neve_meta_container":"","neve_meta_enable_content_width":"","neve_meta_content_width":0,"neve_meta_title_alignment":"","neve_meta_author_avatar":"","neve_post_elements_order":"","neve_meta_disable_header":"","neve_meta_disable_footer":"on","neve_meta_disable_title":"","_joinchat":[],"footnotes":""},"class_list":["post-116","page","type-page","status-publish","hentry"],"_links":{"self":[{"href":"http:\/\/200.55.154.245\/index.php\/wp-json\/wp\/v2\/pages\/116","targetHints":{"allow":["GET"]}}],"collection":[{"href":"http:\/\/200.55.154.245\/index.php\/wp-json\/wp\/v2\/pages"}],"about":[{"href":"http:\/\/200.55.154.245\/index.php\/wp-json\/wp\/v2\/types\/page"}],"author":[{"embeddable":true,"href":"http:\/\/200.55.154.245\/index.php\/wp-json\/wp\/v2\/users\/1"}],"replies":[{"embeddable":true,"href":"http:\/\/200.55.154.245\/index.php\/wp-json\/wp\/v2\/comments?post=116"}],"version-history":[{"count":4,"href":"http:\/\/200.55.154.245\/index.php\/wp-json\/wp\/v2\/pages\/116\/revisions"}],"predecessor-version":[{"id":252,"href":"http:\/\/200.55.154.245\/index.php\/wp-json\/wp\/v2\/pages\/116\/revisions\/252"}],"wp:attachment":[{"href":"http:\/\/200.55.154.245\/index.php\/wp-json\/wp\/v2\/media?parent=116"}],"curies":[{"name":"wp","href":"https:\/\/api.w.org\/{rel}","templated":true}]}}